{"id":842,"date":"2025-04-29T16:01:03","date_gmt":"2025-04-29T14:01:03","guid":{"rendered":"https:\/\/vendangesdu7emeart.fr\/?page_id=842"},"modified":"2025-06-18T17:29:31","modified_gmt":"2025-06-18T15:29:31","slug":"david-foenkinos-2","status":"publish","type":"page","link":"https:\/\/vendangesdu7emeart.fr\/index.php\/david-foenkinos-2\/","title":{"rendered":"David Foenkinos"},"content":{"rendered":"\t\t<div data-elementor-type=\"wp-page\" data-elementor-id=\"842\" class=\"elementor elementor-842\">\n\t\t\t\t<div class=\"elementor-element elementor-element-1ef4726 e-flex e-con-boxed e-con e-parent\" data-id=\"1ef4726\" data-element_type=\"container\">\n\t\t\t\t\t<div class=\"e-con-inner\">\n\t\t\t\t<div class=\"elementor-element elementor-element-761f8ba elementor-widget elementor-widget-heading\" data-id=\"761f8ba\" data-element_type=\"widget\" data-widget_type=\"heading.default\">\n\t\t\t\t<div class=\"elementor-widget-container\">\n\t\t\t\t\t<h2 class=\"elementor-heading-title elementor-size-default\">Jury Comp\u00e9tition Internationale<\/h2>\t\t\t\t<\/div>\n\t\t\t\t<\/div>\n\t\t\t\t<div class=\"elementor-element elementor-element-34c7ff9 elementor-widget-divider--view-line elementor-widget elementor-widget-divider\" data-id=\"34c7ff9\" data-element_type=\"widget\" data-widget_type=\"divider.default\">\n\t\t\t\t<div class=\"elementor-widget-container\">\n\t\t\t\t\t\t\t<div class=\"elementor-divider\">\n\t\t\t<span class=\"elementor-divider-separator\">\n\t\t\t\t\t\t<\/span>\n\t\t<\/div>\n\t\t\t\t\t\t<\/div>\n\t\t\t\t<\/div>\n\t\t\t\t\t<\/div>\n\t\t\t\t<\/div>\n\t\t<div class=\"elementor-element elementor-element-900e1d6 e-flex e-con-boxed e-con e-parent\" data-id=\"900e1d6\" data-element_type=\"container\">\n\t\t\t\t\t<div class=\"e-con-inner\">\n\t\t<div class=\"elementor-element elementor-element-5bf670a e-con-full e-flex e-con e-child\" data-id=\"5bf670a\" data-element_type=\"container\">\n\t\t\t\t<div class=\"elementor-element elementor-element-cc1eb74 elementor-widget elementor-widget-image\" data-id=\"cc1eb74\" data-element_type=\"widget\" data-widget_type=\"image.default\">\n\t\t\t\t<div class=\"elementor-widget-container\">\n\t\t\t\t\t\t\t\t\t\t\t\t\t\t\t<img fetchpriority=\"high\" decoding=\"async\" width=\"580\" height=\"580\" src=\"https:\/\/vendangesdu7emeart.fr\/wp-content\/uploads\/2025\/04\/DAVID-FOENKINOS.png\" class=\"attachment-large size-large wp-image-535\" alt=\"\" srcset=\"https:\/\/vendangesdu7emeart.fr\/wp-content\/uploads\/2025\/04\/DAVID-FOENKINOS.png 823w, https:\/\/vendangesdu7emeart.fr\/wp-content\/uploads\/2025\/04\/DAVID-FOENKINOS-300x300.png 300w, https:\/\/vendangesdu7emeart.fr\/wp-content\/uploads\/2025\/04\/DAVID-FOENKINOS-150x150.png 150w, https:\/\/vendangesdu7emeart.fr\/wp-content\/uploads\/2025\/04\/DAVID-FOENKINOS-768x768.png 768w\" sizes=\"(max-width: 580px) 100vw, 580px\" \/>\t\t\t\t\t\t\t\t\t\t\t\t\t\t\t<\/div>\n\t\t\t\t<\/div>\n\t\t\t\t<\/div>\n\t\t<div class=\"elementor-element elementor-element-cde11e0 e-con-full e-flex e-con e-child\" data-id=\"cde11e0\" data-element_type=\"container\">\n\t\t\t\t<div class=\"elementor-element elementor-element-8fcc59d elementor-widget elementor-widget-text-editor\" data-id=\"8fcc59d\" data-element_type=\"widget\" data-widget_type=\"text-editor.default\">\n\t\t\t\t<div class=\"elementor-widget-container\">\n\t\t\t\t\t\t\t\t\t<p style=\"text-align: center;\"><strong>David Foenkinos<\/strong><br \/><em>Auteur, r\u00e9alisateur, sc\u00e9nariste<\/em><\/p><p>Transformer les histoires en \u00e9motions est une qualit\u00e9 que l\u2019\u00e9crivain, sc\u00e9nariste et r\u00e9alisateur David Foenkinos, n\u00e9 \u00e0 Paris en 1974, cultive depuis ses d\u00e9buts litt\u00e9raires. Passionn\u00e9 par les mots et les r\u00e9cits de vie, il conna\u00eet un succ\u00e8s retentissant avec La D\u00e9licatesse, adapt\u00e9 au cin\u00e9ma en 2011 avec Audrey Tautou et Fran\u00e7ois Damiens. Sensible aux nuances de l\u2019\u00e2me humaine, il explore avec talent des th\u00e8mes aussi vari\u00e9s que l\u2019amour, le deuil et la qu\u00eate d\u2019identit\u00e9 \u00e0 travers une vingtaine de romans traduits dans plus de quarante langues.<\/p><p>Laur\u00e9at du Prix Renaudot et du Prix Goncourt des Lyc\u00e9ens pour Charlotte, \u0153uvre poignante consacr\u00e9e \u00e0 l\u2019artiste Charlotte Salomon, il poursuit sa qu\u00eate d\u2019authenticit\u00e9 avec des romans tels que Le Myst\u00e8re Henri Pick, port\u00e9 \u00e0 l\u2019\u00e9cran par R\u00e9mi Bezan\u00e7on, et Num\u00e9ro Deux, qui interroge les r\u00eaves bris\u00e9s de l\u2019enfance. Artiste aux multiples talents, David Foenkinos s\u2019illustre \u00e9galement au cin\u00e9ma en tant que r\u00e9alisateur, explorant avec finesse les rapports humains et les rencontres inattendues.<\/p><p>Pr\u00e9sident du jury de la comp\u00e9tition internationale pour cette 10\u00e8me \u00e9dition du Festival Les Vendanges du 7\u00e8me Art, il apportera son regard sur des \u0153uvres du monde entier. Sa pr\u00e9sence promet de sublimer cette \u00e9dition anniversaire en c\u00e9l\u00e9brant la diversit\u00e9 et la richesse de la cr\u00e9ation cin\u00e9matographique.<\/p><p><em><strong>Retrouvez David Foenkinos lors de sa Master Class jeudi 10 juillet \u00e0 17h au Ch\u00e2teau Grand-Puy Ducasse, anim\u00e9e par Marc-Aur\u00e8le Garreau (entr\u00e9e sur pr\u00e9sentation d&#8217;un billet \u00e0 retirer \u00e0 la caisse du Cin\u00e9ma l&#8217;\u00c9den aux jours et heures des s\u00e9ances), et lors du rendez-vous litt\u00e9raire, samedi 12 juillet \u00e0 partir de 12h \u00e0 la M\u00e9diath\u00e8que pour la signature de son livre &#8220;Tout le monde aime Clara&#8221;<\/strong><\/em><\/p><p>\u00a9Miguel Ramos<\/p>\t\t\t\t\t\t\t\t<\/div>\n\t\t\t\t<\/div>\n\t\t\t\t<\/div>\n\t\t\t\t\t<\/div>\n\t\t\t\t<\/div>\n\t\t\t\t<\/div>\n\t\t","protected":false},"excerpt":{"rendered":"<p>Jury Comp\u00e9tition Internationale David FoenkinosAuteur, r\u00e9alisateur, sc\u00e9nariste Transformer les histoires en \u00e9motions est une qualit\u00e9 que l\u2019\u00e9crivain, sc\u00e9nariste et r\u00e9alisateur David Foenkinos, n\u00e9 \u00e0 Paris en 1974, cultive depuis ses d\u00e9buts litt\u00e9raires. Passionn\u00e9 par les mots et les r\u00e9cits de vie, il conna\u00eet un succ\u00e8s retentissant avec La D\u00e9licatesse, adapt\u00e9 au cin\u00e9ma en 2011 avec [&hellip;]<\/p>\n","protected":false},"author":1,"featured_media":0,"parent":0,"menu_order":0,"comment_status":"closed","ping_status":"closed","template":"elementor_header_footer","meta":{"footnotes":""},"class_list":["post-842","page","type-page","status-publish","hentry"],"_links":{"self":[{"href":"https:\/\/vendangesdu7emeart.fr\/index.php\/wp-json\/wp\/v2\/pages\/842","targetHints":{"allow":["GET"]}}],"collection":[{"href":"https:\/\/vendangesdu7emeart.fr\/index.php\/wp-json\/wp\/v2\/pages"}],"about":[{"href":"https:\/\/vendangesdu7emeart.fr\/index.php\/wp-json\/wp\/v2\/types\/page"}],"author":[{"embeddable":true,"href":"https:\/\/vendangesdu7emeart.fr\/index.php\/wp-json\/wp\/v2\/users\/1"}],"replies":[{"embeddable":true,"href":"https:\/\/vendangesdu7emeart.fr\/index.php\/wp-json\/wp\/v2\/comments?post=842"}],"version-history":[{"count":7,"href":"https:\/\/vendangesdu7emeart.fr\/index.php\/wp-json\/wp\/v2\/pages\/842\/revisions"}],"predecessor-version":[{"id":1457,"href":"https:\/\/vendangesdu7emeart.fr\/index.php\/wp-json\/wp\/v2\/pages\/842\/revisions\/1457"}],"wp:attachment":[{"href":"https:\/\/vendangesdu7emeart.fr\/index.php\/wp-json\/wp\/v2\/media?parent=842"}],"curies":[{"name":"wp","href":"https:\/\/api.w.org\/{rel}","templated":true}]}}