{"id":659,"date":"2025-04-09T16:03:40","date_gmt":"2025-04-09T14:03:40","guid":{"rendered":"https:\/\/vendangesdu7emeart.fr\/?page_id=659"},"modified":"2025-06-19T17:22:43","modified_gmt":"2025-06-19T15:22:43","slug":"mardi-08-juillet","status":"publish","type":"page","link":"https:\/\/vendangesdu7emeart.fr\/index.php\/mardi-08-juillet\/","title":{"rendered":"Mardi 08 juillet"},"content":{"rendered":"\t\t<div data-elementor-type=\"wp-page\" data-elementor-id=\"659\" class=\"elementor elementor-659\">\n\t\t\t\t<div class=\"elementor-element elementor-element-d57fc3d e-flex e-con-boxed e-con e-parent\" data-id=\"d57fc3d\" data-element_type=\"container\">\n\t\t\t\t\t<div class=\"e-con-inner\">\n\t\t\t\t<div class=\"elementor-element elementor-element-f6eae4d elementor-widget elementor-widget-heading\" data-id=\"f6eae4d\" data-element_type=\"widget\" data-widget_type=\"heading.default\">\n\t\t\t\t<div class=\"elementor-widget-container\">\n\t\t\t\t\t<h2 class=\"elementor-heading-title elementor-size-default\">Mardi 08 juillet<\/h2>\t\t\t\t<\/div>\n\t\t\t\t<\/div>\n\t\t\t\t\t<\/div>\n\t\t\t\t<\/div>\n\t\t<div class=\"elementor-element elementor-element-aec6711 e-flex e-con-boxed e-con e-parent\" data-id=\"aec6711\" data-element_type=\"container\">\n\t\t\t\t\t<div class=\"e-con-inner\">\n\t\t\t\t<div class=\"elementor-element elementor-element-c0ed38d elementor-widget-divider--view-line elementor-widget elementor-widget-divider\" data-id=\"c0ed38d\" data-element_type=\"widget\" data-widget_type=\"divider.default\">\n\t\t\t\t<div class=\"elementor-widget-container\">\n\t\t\t\t\t\t\t<div class=\"elementor-divider\">\n\t\t\t<span class=\"elementor-divider-separator\">\n\t\t\t\t\t\t<\/span>\n\t\t<\/div>\n\t\t\t\t\t\t<\/div>\n\t\t\t\t<\/div>\n\t\t\t\t\t<\/div>\n\t\t\t\t<\/div>\n\t\t<div class=\"elementor-element elementor-element-2036bb8 e-flex e-con-boxed e-con e-parent\" data-id=\"2036bb8\" data-element_type=\"container\">\n\t\t\t\t\t<div class=\"e-con-inner\">\n\t\t\t\t<div class=\"elementor-element elementor-element-d1307f2 elementor-widget elementor-widget-image\" data-id=\"d1307f2\" data-element_type=\"widget\" data-widget_type=\"image.default\">\n\t\t\t\t<div class=\"elementor-widget-container\">\n\t\t\t\t\t\t\t\t\t\t\t\t\t\t\t<img decoding=\"async\" width=\"580\" height=\"84\" src=\"https:\/\/vendangesdu7emeart.fr\/wp-content\/uploads\/2025\/06\/LEGENDES-PROG-SITE-INTERNET-1024x148.png\" class=\"attachment-large size-large wp-image-1229\" alt=\"\" srcset=\"https:\/\/vendangesdu7emeart.fr\/wp-content\/uploads\/2025\/06\/LEGENDES-PROG-SITE-INTERNET-1024x148.png 1024w, https:\/\/vendangesdu7emeart.fr\/wp-content\/uploads\/2025\/06\/LEGENDES-PROG-SITE-INTERNET-300x43.png 300w, https:\/\/vendangesdu7emeart.fr\/wp-content\/uploads\/2025\/06\/LEGENDES-PROG-SITE-INTERNET-768x111.png 768w, https:\/\/vendangesdu7emeart.fr\/wp-content\/uploads\/2025\/06\/LEGENDES-PROG-SITE-INTERNET-1536x222.png 1536w, https:\/\/vendangesdu7emeart.fr\/wp-content\/uploads\/2025\/06\/LEGENDES-PROG-SITE-INTERNET-2048x297.png 2048w, https:\/\/vendangesdu7emeart.fr\/wp-content\/uploads\/2025\/06\/LEGENDES-PROG-SITE-INTERNET-1200x174.png 1200w, https:\/\/vendangesdu7emeart.fr\/wp-content\/uploads\/2025\/06\/LEGENDES-PROG-SITE-INTERNET-1980x287.png 1980w\" sizes=\"(max-width: 580px) 100vw, 580px\" \/>\t\t\t\t\t\t\t\t\t\t\t\t\t\t\t<\/div>\n\t\t\t\t<\/div>\n\t\t\t\t<div class=\"elementor-element elementor-element-b8013df elementor-widget elementor-widget-spacer\" data-id=\"b8013df\" data-element_type=\"widget\" data-widget_type=\"spacer.default\">\n\t\t\t\t<div class=\"elementor-widget-container\">\n\t\t\t\t\t\t\t<div class=\"elementor-spacer\">\n\t\t\t<div class=\"elementor-spacer-inner\"><\/div>\n\t\t<\/div>\n\t\t\t\t\t\t<\/div>\n\t\t\t\t<\/div>\n\t\t\t\t\t<\/div>\n\t\t\t\t<\/div>\n\t\t<div class=\"elementor-element elementor-element-b285d44 e-flex e-con-boxed e-con e-parent\" data-id=\"b285d44\" data-element_type=\"container\" data-settings=\"{&quot;background_background&quot;:&quot;classic&quot;}\">\n\t\t\t\t\t<div class=\"e-con-inner\">\n\t\t<div class=\"elementor-element elementor-element-db5f307 e-con-full e-flex e-con e-child\" data-id=\"db5f307\" data-element_type=\"container\">\n\t\t\t\t<div class=\"elementor-element elementor-element-e7971d4 elementor-widget elementor-widget-image\" data-id=\"e7971d4\" data-element_type=\"widget\" data-widget_type=\"image.default\">\n\t\t\t\t<div class=\"elementor-widget-container\">\n\t\t\t\t\t\t\t\t\t\t\t\t\t\t\t<img fetchpriority=\"high\" decoding=\"async\" width=\"220\" height=\"300\" src=\"https:\/\/vendangesdu7emeart.fr\/wp-content\/uploads\/2025\/06\/amelie_affiche-220x300.jpg\" class=\"attachment-medium size-medium wp-image-1179\" alt=\"\" srcset=\"https:\/\/vendangesdu7emeart.fr\/wp-content\/uploads\/2025\/06\/amelie_affiche-220x300.jpg 220w, https:\/\/vendangesdu7emeart.fr\/wp-content\/uploads\/2025\/06\/amelie_affiche-752x1024.jpg 752w, https:\/\/vendangesdu7emeart.fr\/wp-content\/uploads\/2025\/06\/amelie_affiche-768x1046.jpg 768w, https:\/\/vendangesdu7emeart.fr\/wp-content\/uploads\/2025\/06\/amelie_affiche-1127x1536.jpg 1127w, https:\/\/vendangesdu7emeart.fr\/wp-content\/uploads\/2025\/06\/amelie_affiche-1503x2048.jpg 1503w, https:\/\/vendangesdu7emeart.fr\/wp-content\/uploads\/2025\/06\/amelie_affiche-1200x1635.jpg 1200w, https:\/\/vendangesdu7emeart.fr\/wp-content\/uploads\/2025\/06\/amelie_affiche.jpg 1879w\" sizes=\"(max-width: 220px) 100vw, 220px\" \/>\t\t\t\t\t\t\t\t\t\t\t\t\t\t\t<\/div>\n\t\t\t\t<\/div>\n\t\t\t\t<\/div>\n\t\t<div class=\"elementor-element elementor-element-9b5eebe e-con-full e-flex e-con e-child\" data-id=\"9b5eebe\" data-element_type=\"container\">\n\t\t\t\t<div class=\"elementor-element elementor-element-35180f0 elementor-widget elementor-widget-text-editor\" data-id=\"35180f0\" data-element_type=\"widget\" data-widget_type=\"text-editor.default\">\n\t\t\t\t<div class=\"elementor-widget-container\">\n\t\t\t\t\t\t\t\t\t<div id=\"sp-dgm13w\" class=\"sp-css-target sp-text-wrapper sp-el-block sp-text-block-style sp-text-wrapper-dgm13w\"><p><strong>9H15 &#8211; Cin\u00e9ma l&#8217;\u00c9den<\/strong><\/p><\/div><div id=\"sp-xcipp1\" class=\"sp-css-target sp-text-wrapper sp-el-block sp-text-block-style sp-text-wrapper-xcipp1\"><p><strong>AM\u00c9LIE ET LA M\u00c9TAPHYSIQUE DES TUBES<\/strong> de Ma\u00eflys Vallade et Liane-Cho Han<\/p><\/div><div id=\"sp-lqubi2\" class=\"sp-css-target sp-text-wrapper sp-el-block sp-text-block-style sp-text-wrapper-lqubi2\"><p style=\"text-align: left;\">1h17 &#8211; France &#8211; Haut et Court &#8211; Animation<br \/>D\u00e8s 7 ans<\/p><p>Am\u00e9lie est une petite fille belge n\u00e9e au Japon. Gr\u00e2ce \u00e0 son amie Nishio-san, le monde n\u2019est qu\u2019aventures et d\u00e9couvertes. Mais le jour de ses trois ans, un \u00e9v\u00e9nement change le cours de sa vie. Car a\u0300 cet \u00e2ge-l\u00e0 pour Am\u00e9lie tout se joue : le bonheur comme la trag\u00e9die.<br \/>Am\u00e9lie et la m\u00e9taphysique des tubes est adapt\u00e9 du roman d\u2019Am\u00e9lie Nothomb.<\/p><p><em><strong>Film soutenu par la R\u00e9gion Nouvelle-Aquitaine<\/strong><\/em><\/p><\/div>\t\t\t\t\t\t\t\t<\/div>\n\t\t\t\t<\/div>\n\t\t\t\t<\/div>\n\t\t\t\t\t<\/div>\n\t\t\t\t<\/div>\n\t\t<div class=\"elementor-element elementor-element-4ff706d e-flex e-con-boxed e-con e-parent\" data-id=\"4ff706d\" data-element_type=\"container\">\n\t\t\t\t\t<div class=\"e-con-inner\">\n\t\t\t\t<div class=\"elementor-element elementor-element-d731d3f elementor-widget elementor-widget-spacer\" data-id=\"d731d3f\" data-element_type=\"widget\" data-widget_type=\"spacer.default\">\n\t\t\t\t<div class=\"elementor-widget-container\">\n\t\t\t\t\t\t\t<div class=\"elementor-spacer\">\n\t\t\t<div class=\"elementor-spacer-inner\"><\/div>\n\t\t<\/div>\n\t\t\t\t\t\t<\/div>\n\t\t\t\t<\/div>\n\t\t\t\t\t<\/div>\n\t\t\t\t<\/div>\n\t\t<div class=\"elementor-element elementor-element-d20c283 e-flex e-con-boxed e-con e-parent\" data-id=\"d20c283\" data-element_type=\"container\" data-settings=\"{&quot;background_background&quot;:&quot;classic&quot;}\">\n\t\t\t\t\t<div class=\"e-con-inner\">\n\t\t<div class=\"elementor-element elementor-element-e73758f e-con-full e-flex e-con e-child\" data-id=\"e73758f\" data-element_type=\"container\">\n\t\t\t\t<div class=\"elementor-element elementor-element-16354db elementor-widget elementor-widget-image\" data-id=\"16354db\" data-element_type=\"widget\" data-widget_type=\"image.default\">\n\t\t\t\t<div class=\"elementor-widget-container\">\n\t\t\t\t\t\t\t\t\t\t\t\t\t\t\t<img decoding=\"async\" width=\"580\" height=\"790\" src=\"https:\/\/vendangesdu7emeart.fr\/wp-content\/uploads\/2025\/06\/AFFICHE_TIMIOCHE-scaled-1-752x1024.jpeg\" class=\"attachment-large size-large wp-image-1180\" alt=\"\" srcset=\"https:\/\/vendangesdu7emeart.fr\/wp-content\/uploads\/2025\/06\/AFFICHE_TIMIOCHE-scaled-1-752x1024.jpeg 752w, https:\/\/vendangesdu7emeart.fr\/wp-content\/uploads\/2025\/06\/AFFICHE_TIMIOCHE-scaled-1-220x300.jpeg 220w, https:\/\/vendangesdu7emeart.fr\/wp-content\/uploads\/2025\/06\/AFFICHE_TIMIOCHE-scaled-1-768x1046.jpeg 768w, https:\/\/vendangesdu7emeart.fr\/wp-content\/uploads\/2025\/06\/AFFICHE_TIMIOCHE-scaled-1-1128x1536.jpeg 1128w, https:\/\/vendangesdu7emeart.fr\/wp-content\/uploads\/2025\/06\/AFFICHE_TIMIOCHE-scaled-1-1504x2048.jpeg 1504w, https:\/\/vendangesdu7emeart.fr\/wp-content\/uploads\/2025\/06\/AFFICHE_TIMIOCHE-scaled-1-1200x1634.jpeg 1200w, https:\/\/vendangesdu7emeart.fr\/wp-content\/uploads\/2025\/06\/AFFICHE_TIMIOCHE-scaled-1.jpeg 1880w\" sizes=\"(max-width: 580px) 100vw, 580px\" \/>\t\t\t\t\t\t\t\t\t\t\t\t\t\t\t<\/div>\n\t\t\t\t<\/div>\n\t\t\t\t<\/div>\n\t\t<div class=\"elementor-element elementor-element-1412bc4 e-con-full e-flex e-con e-child\" data-id=\"1412bc4\" data-element_type=\"container\">\n\t\t\t\t<div class=\"elementor-element elementor-element-7679e7e elementor-widget elementor-widget-text-editor\" data-id=\"7679e7e\" data-element_type=\"widget\" data-widget_type=\"text-editor.default\">\n\t\t\t\t<div class=\"elementor-widget-container\">\n\t\t\t\t\t\t\t\t\t<div id=\"sp-dgm13w\" class=\"sp-css-target sp-text-wrapper sp-el-block sp-text-block-style sp-text-wrapper-dgm13w\"><p><strong>11h &#8211; Cin\u00e9ma l&#8217;\u00c9den<\/strong><\/p><\/div><div id=\"sp-xcipp1\" class=\"sp-css-target sp-text-wrapper sp-el-block sp-text-block-style sp-text-wrapper-xcipp1\"><p><strong>TIMIOCHE<\/strong> de Alex Bain et Andy Martin<\/p><\/div><div id=\"sp-lqubi2\" class=\"sp-css-target sp-text-wrapper sp-el-block sp-text-block-style sp-text-wrapper-lqubi2\"><p style=\"text-align: left;\">0h41 &#8211; Angleterre &#8211; Les Films du Pr\u00e9au &#8211; Animation<br \/>D\u00e8s 3 ans<\/p><p><strong>Timioche<\/strong> &#8211; Angleterre<br \/>Un petit poisson toujours en retard, adore inventer des excuses, souvent plus grosses que lui ! Jusqu\u2019au jour o\u00f9 une m\u00e9saventure lui arrive vraiment\u2026<br \/>Ummi et Zaki de Daniela Opp &#8211; Allemagne <br \/>\u00ab Maintenant, nous sommes amies pour la vie \u00bb dit Zaki l\u2019araign\u00e9e \u00e0 Ummi, la petite hippopotame qui vient de la sauver des eaux. Mais Ummi n\u2019est pas s\u00fbre qu\u2019elle soit vraiment l\u2019amie dont elle a r\u00eav\u00e9\u2026<br \/><strong>Petit Poisson<\/strong> de Sergei Ryabov &#8211; Russie<br \/>Apr\u00e8s s\u2019\u00eatre fait attraper par un vieux p\u00eacheur, un petit poisson reprend vie gr\u00e2ce \u00e0 une fillette qui croit en lui.<br \/><strong>Le poisson-ballon<\/strong> de Julia Ocker &#8211; Allemagne<br \/>L\u2019oc\u00e9an est rempli de poissons mena\u00e7ants et le petit poisson-ballon se gonfle, se gonfle pour para\u00eetre plus grand, plus fort et ne pas se laisser intimider.<\/p><p><em><strong>D\u2019apr\u00e8s l\u2019album illustr\u00e9 de Julia Donaldson et Axel Scheffler<\/strong><\/em><\/p><\/div>\t\t\t\t\t\t\t\t<\/div>\n\t\t\t\t<\/div>\n\t\t\t\t<\/div>\n\t\t\t\t\t<\/div>\n\t\t\t\t<\/div>\n\t\t<div class=\"elementor-element elementor-element-94868ed e-flex e-con-boxed e-con e-parent\" data-id=\"94868ed\" data-element_type=\"container\">\n\t\t\t\t\t<div class=\"e-con-inner\">\n\t\t\t\t<div class=\"elementor-element elementor-element-4f472eb elementor-widget elementor-widget-spacer\" data-id=\"4f472eb\" data-element_type=\"widget\" data-widget_type=\"spacer.default\">\n\t\t\t\t<div class=\"elementor-widget-container\">\n\t\t\t\t\t\t\t<div class=\"elementor-spacer\">\n\t\t\t<div class=\"elementor-spacer-inner\"><\/div>\n\t\t<\/div>\n\t\t\t\t\t\t<\/div>\n\t\t\t\t<\/div>\n\t\t\t\t\t<\/div>\n\t\t\t\t<\/div>\n\t\t<div class=\"elementor-element elementor-element-b03e4e0 e-flex e-con-boxed e-con e-parent\" data-id=\"b03e4e0\" data-element_type=\"container\" data-settings=\"{&quot;background_background&quot;:&quot;classic&quot;}\">\n\t\t\t\t\t<div class=\"e-con-inner\">\n\t\t<div class=\"elementor-element elementor-element-664bccd e-con-full e-flex e-con e-child\" data-id=\"664bccd\" data-element_type=\"container\">\n\t\t\t\t<div class=\"elementor-element elementor-element-2c6e9d6 elementor-widget elementor-widget-image\" data-id=\"2c6e9d6\" data-element_type=\"widget\" data-widget_type=\"image.default\">\n\t\t\t\t<div class=\"elementor-widget-container\">\n\t\t\t\t\t\t\t\t\t\t\t\t\t\t\t<img loading=\"lazy\" decoding=\"async\" width=\"403\" height=\"540\" src=\"https:\/\/vendangesdu7emeart.fr\/wp-content\/uploads\/2025\/06\/ARCO.png\" class=\"attachment-large size-large wp-image-1181\" alt=\"\" srcset=\"https:\/\/vendangesdu7emeart.fr\/wp-content\/uploads\/2025\/06\/ARCO.png 403w, https:\/\/vendangesdu7emeart.fr\/wp-content\/uploads\/2025\/06\/ARCO-224x300.png 224w\" sizes=\"(max-width: 403px) 100vw, 403px\" \/>\t\t\t\t\t\t\t\t\t\t\t\t\t\t\t<\/div>\n\t\t\t\t<\/div>\n\t\t\t\t<\/div>\n\t\t<div class=\"elementor-element elementor-element-193f2a8 e-con-full e-flex e-con e-child\" data-id=\"193f2a8\" data-element_type=\"container\">\n\t\t\t\t<div class=\"elementor-element elementor-element-a0769ad elementor-widget elementor-widget-text-editor\" data-id=\"a0769ad\" data-element_type=\"widget\" data-widget_type=\"text-editor.default\">\n\t\t\t\t<div class=\"elementor-widget-container\">\n\t\t\t\t\t\t\t\t\t<div id=\"sp-dgm13w\" class=\"sp-css-target sp-text-wrapper sp-el-block sp-text-block-style sp-text-wrapper-dgm13w\"><p><strong>14h &#8211; Cin\u00e9ma l&#8217;\u00c9den<\/strong><\/p><\/div><div id=\"sp-xcipp1\" class=\"sp-css-target sp-text-wrapper sp-el-block sp-text-block-style sp-text-wrapper-xcipp1\"><p><strong>ARCO<\/strong> de Ugo Bienvenu<\/p><\/div><div id=\"sp-lqubi2\" class=\"sp-css-target sp-text-wrapper sp-el-block sp-text-block-style sp-text-wrapper-lqubi2\"><p style=\"text-align: left;\">1h28 &#8211; France &#8211; Diaphana &#8211; Animation<br \/>D\u00e8s 8 ans<\/p><p>En 2075, une petite fille de 10 ans, Iris, voit un myst\u00e9rieux gar\u00e7on v\u00eatu d&#8217;une combinaison arc-en-ciel tomber du ciel.<br \/>C&#8217;est Arco. Il vient d&#8217;un futur lointain et idyllique o\u00f9 voyager dans le temps est possible. Iris le recueille et va l&#8217;aider par tous les moyens \u00e0 rentrer chez lui.<\/p><\/div>\t\t\t\t\t\t\t\t<\/div>\n\t\t\t\t<\/div>\n\t\t\t\t<\/div>\n\t\t\t\t\t<\/div>\n\t\t\t\t<\/div>\n\t\t<div class=\"elementor-element elementor-element-ea5fe20 e-flex e-con-boxed e-con e-parent\" data-id=\"ea5fe20\" data-element_type=\"container\">\n\t\t\t\t\t<div class=\"e-con-inner\">\n\t\t\t\t<div class=\"elementor-element elementor-element-a46a560 elementor-widget elementor-widget-spacer\" data-id=\"a46a560\" data-element_type=\"widget\" data-widget_type=\"spacer.default\">\n\t\t\t\t<div class=\"elementor-widget-container\">\n\t\t\t\t\t\t\t<div class=\"elementor-spacer\">\n\t\t\t<div class=\"elementor-spacer-inner\"><\/div>\n\t\t<\/div>\n\t\t\t\t\t\t<\/div>\n\t\t\t\t<\/div>\n\t\t\t\t\t<\/div>\n\t\t\t\t<\/div>\n\t\t<div class=\"elementor-element elementor-element-3d1da9c e-flex e-con-boxed e-con e-parent\" data-id=\"3d1da9c\" data-element_type=\"container\" data-settings=\"{&quot;background_background&quot;:&quot;classic&quot;}\">\n\t\t\t\t\t<div class=\"e-con-inner\">\n\t\t<div class=\"elementor-element elementor-element-1543cec e-con-full e-flex e-con e-child\" data-id=\"1543cec\" data-element_type=\"container\">\n\t\t\t\t<div class=\"elementor-element elementor-element-4791f40 elementor-widget elementor-widget-image\" data-id=\"4791f40\" data-element_type=\"widget\" data-widget_type=\"image.default\">\n\t\t\t\t<div class=\"elementor-widget-container\">\n\t\t\t\t\t\t\t\t\t\t\t\t\t\t\t<img loading=\"lazy\" decoding=\"async\" width=\"474\" height=\"266\" src=\"https:\/\/vendangesdu7emeart.fr\/wp-content\/uploads\/2025\/06\/CE-QUI-NOUS-LIE.jpg\" class=\"attachment-large size-large wp-image-1182\" alt=\"\" srcset=\"https:\/\/vendangesdu7emeart.fr\/wp-content\/uploads\/2025\/06\/CE-QUI-NOUS-LIE.jpg 474w, https:\/\/vendangesdu7emeart.fr\/wp-content\/uploads\/2025\/06\/CE-QUI-NOUS-LIE-300x168.jpg 300w\" sizes=\"(max-width: 474px) 100vw, 474px\" \/>\t\t\t\t\t\t\t\t\t\t\t\t\t\t\t<\/div>\n\t\t\t\t<\/div>\n\t\t\t\t<\/div>\n\t\t<div class=\"elementor-element elementor-element-09a1144 e-con-full e-flex e-con e-child\" data-id=\"09a1144\" data-element_type=\"container\">\n\t\t\t\t<div class=\"elementor-element elementor-element-0f54612 elementor-widget elementor-widget-text-editor\" data-id=\"0f54612\" data-element_type=\"widget\" data-widget_type=\"text-editor.default\">\n\t\t\t\t<div class=\"elementor-widget-container\">\n\t\t\t\t\t\t\t\t\t<div id=\"sp-dgm13w\" class=\"sp-css-target sp-text-wrapper sp-el-block sp-text-block-style sp-text-wrapper-dgm13w\"><p><span style=\"color: #ffffff;\"><strong>17h &#8211; cin\u00e9ma l&#8217;\u00c9den<\/strong><\/span><\/p><\/div><div id=\"sp-xcipp1\" class=\"sp-css-target sp-text-wrapper sp-el-block sp-text-block-style sp-text-wrapper-xcipp1\"><p><span style=\"color: #ffffff;\"><strong>C\u00e9r\u00e9monie d&#8217;ouverture<\/strong>\u00a0<\/span><\/p><\/div><div id=\"sp-lqubi2\" class=\"sp-css-target sp-text-wrapper sp-el-block sp-text-block-style sp-text-wrapper-lqubi2\"><p style=\"text-align: left;\"><span style=\"color: #ffffff;\">En pr\u00e9sence des membres des jurys et des invit\u00e9s du festival<\/span><\/p><\/div>\t\t\t\t\t\t\t\t<\/div>\n\t\t\t\t<\/div>\n\t\t\t\t<\/div>\n\t\t\t\t\t<\/div>\n\t\t\t\t<\/div>\n\t\t<div class=\"elementor-element elementor-element-82c6868 e-flex e-con-boxed e-con e-parent\" data-id=\"82c6868\" data-element_type=\"container\">\n\t\t\t\t\t<div class=\"e-con-inner\">\n\t\t\t\t<div class=\"elementor-element elementor-element-daa52e7 elementor-widget elementor-widget-spacer\" data-id=\"daa52e7\" data-element_type=\"widget\" data-widget_type=\"spacer.default\">\n\t\t\t\t<div class=\"elementor-widget-container\">\n\t\t\t\t\t\t\t<div class=\"elementor-spacer\">\n\t\t\t<div class=\"elementor-spacer-inner\"><\/div>\n\t\t<\/div>\n\t\t\t\t\t\t<\/div>\n\t\t\t\t<\/div>\n\t\t\t\t\t<\/div>\n\t\t\t\t<\/div>\n\t\t<div class=\"elementor-element elementor-element-f2ad7f5 e-flex e-con-boxed e-con e-parent\" data-id=\"f2ad7f5\" data-element_type=\"container\" data-settings=\"{&quot;background_background&quot;:&quot;classic&quot;}\">\n\t\t\t\t\t<div class=\"e-con-inner\">\n\t\t<div class=\"elementor-element elementor-element-b0de2b3 e-con-full e-flex e-con e-child\" data-id=\"b0de2b3\" data-element_type=\"container\">\n\t\t\t\t<div class=\"elementor-element elementor-element-ea91327 elementor-widget elementor-widget-image\" data-id=\"ea91327\" data-element_type=\"widget\" data-widget_type=\"image.default\">\n\t\t\t\t<div class=\"elementor-widget-container\">\n\t\t\t\t\t\t\t\t\t\t\t\t\t\t\t<img loading=\"lazy\" decoding=\"async\" width=\"580\" height=\"790\" src=\"https:\/\/vendangesdu7emeart.fr\/wp-content\/uploads\/2025\/06\/Nouvelle-Vague_teaser_120x160_HD-752x1024.jpg\" class=\"attachment-large size-large wp-image-1183\" alt=\"\" srcset=\"https:\/\/vendangesdu7emeart.fr\/wp-content\/uploads\/2025\/06\/Nouvelle-Vague_teaser_120x160_HD-752x1024.jpg 752w, https:\/\/vendangesdu7emeart.fr\/wp-content\/uploads\/2025\/06\/Nouvelle-Vague_teaser_120x160_HD-220x300.jpg 220w, https:\/\/vendangesdu7emeart.fr\/wp-content\/uploads\/2025\/06\/Nouvelle-Vague_teaser_120x160_HD-768x1046.jpg 768w, https:\/\/vendangesdu7emeart.fr\/wp-content\/uploads\/2025\/06\/Nouvelle-Vague_teaser_120x160_HD-1128x1536.jpg 1128w, https:\/\/vendangesdu7emeart.fr\/wp-content\/uploads\/2025\/06\/Nouvelle-Vague_teaser_120x160_HD-1504x2048.jpg 1504w, https:\/\/vendangesdu7emeart.fr\/wp-content\/uploads\/2025\/06\/Nouvelle-Vague_teaser_120x160_HD-1200x1634.jpg 1200w, https:\/\/vendangesdu7emeart.fr\/wp-content\/uploads\/2025\/06\/Nouvelle-Vague_teaser_120x160_HD-1980x2697.jpg 1980w, https:\/\/vendangesdu7emeart.fr\/wp-content\/uploads\/2025\/06\/Nouvelle-Vague_teaser_120x160_HD-scaled.jpg 1880w\" sizes=\"(max-width: 580px) 100vw, 580px\" \/>\t\t\t\t\t\t\t\t\t\t\t\t\t\t\t<\/div>\n\t\t\t\t<\/div>\n\t\t\t\t<\/div>\n\t\t<div class=\"elementor-element elementor-element-ba6839f e-con-full e-flex e-con e-child\" data-id=\"ba6839f\" data-element_type=\"container\">\n\t\t\t\t<div class=\"elementor-element elementor-element-322d84e elementor-widget elementor-widget-text-editor\" data-id=\"322d84e\" data-element_type=\"widget\" data-widget_type=\"text-editor.default\">\n\t\t\t\t<div class=\"elementor-widget-container\">\n\t\t\t\t\t\t\t\t\t<div id=\"sp-dgm13w\" class=\"sp-css-target sp-text-wrapper sp-el-block sp-text-block-style sp-text-wrapper-dgm13w\"><p><span style=\"color: #ffffff;\"><strong>18h &#8211; Cin\u00e9ma l&#8217;\u00c9den<\/strong><\/span><\/p><\/div><div id=\"sp-xcipp1\" class=\"sp-css-target sp-text-wrapper sp-el-block sp-text-block-style sp-text-wrapper-xcipp1\"><p><span style=\"color: #ffffff;\"><strong>NOUVELLE VAGUE<\/strong> de Richard Linklater<\/span><\/p><\/div><div id=\"sp-lqubi2\" class=\"sp-css-target sp-text-wrapper sp-el-block sp-text-block-style sp-text-wrapper-lqubi2\"><p style=\"text-align: left;\"><span style=\"color: #ffffff;\">1h45 &#8211; France &#8211; ARP S\u00e9lection &#8211; Com\u00e9die<\/span><\/p><p><span style=\"color: #ffffff;\">Avec Guillaume Marbeck, Zoey Deutch, Aubry Dullin<\/span><\/p><p><span style=\"color: #ffffff;\">Ceci est l\u2019histoire de Godard tournant \u00ab \u00c0 bout de souffle \u00bb, racont\u00e9e dans le style et l\u2019esprit de Godard tournant \u00ab \u00c0 bout de souffle \u00bb.<\/span><\/p><p><span style=\"color: #ffffff;\"><em><strong>En pr\u00e9sence de Laurent P\u00e9tin et Mich\u00e8le Halberstadt<\/strong><\/em><\/span><\/p><\/div>\t\t\t\t\t\t\t\t<\/div>\n\t\t\t\t<\/div>\n\t\t\t\t<\/div>\n\t\t\t\t\t<\/div>\n\t\t\t\t<\/div>\n\t\t<div class=\"elementor-element elementor-element-8269166 e-flex e-con-boxed e-con e-parent\" data-id=\"8269166\" data-element_type=\"container\">\n\t\t\t\t\t<div class=\"e-con-inner\">\n\t\t\t\t<div class=\"elementor-element elementor-element-4fcc097 elementor-widget elementor-widget-text-editor\" data-id=\"4fcc097\" data-element_type=\"widget\" data-widget_type=\"text-editor.default\">\n\t\t\t\t<div class=\"elementor-widget-container\">\n\t\t\t\t\t\t\t\t\t<p style=\"text-align: center;\"><strong>&#8211; Cocktail &#8211;<\/strong><\/p><p style=\"text-align: center;\"><em>Berges de l&#8217;estuaire, en face du Cin\u00e9ma l&#8217;\u00c9den <\/em><\/p>\t\t\t\t\t\t\t\t<\/div>\n\t\t\t\t<\/div>\n\t\t\t\t\t<\/div>\n\t\t\t\t<\/div>\n\t\t<div class=\"elementor-element elementor-element-5c9eb38 e-flex e-con-boxed e-con e-parent\" data-id=\"5c9eb38\" data-element_type=\"container\" data-settings=\"{&quot;background_background&quot;:&quot;classic&quot;}\">\n\t\t\t\t\t<div class=\"e-con-inner\">\n\t\t<div class=\"elementor-element elementor-element-6b237bb e-con-full e-flex e-con e-child\" data-id=\"6b237bb\" data-element_type=\"container\">\n\t\t\t\t<div class=\"elementor-element elementor-element-0cd1445 elementor-widget elementor-widget-image\" data-id=\"0cd1445\" data-element_type=\"widget\" data-widget_type=\"image.default\">\n\t\t\t\t<div class=\"elementor-widget-container\">\n\t\t\t\t\t\t\t\t\t\t\t\t\t\t\t<img loading=\"lazy\" decoding=\"async\" width=\"403\" height=\"540\" src=\"https:\/\/vendangesdu7emeart.fr\/wp-content\/uploads\/2025\/06\/VALEUR-SENTIMENTALE.png\" class=\"attachment-large size-large wp-image-1184\" alt=\"\" srcset=\"https:\/\/vendangesdu7emeart.fr\/wp-content\/uploads\/2025\/06\/VALEUR-SENTIMENTALE.png 403w, https:\/\/vendangesdu7emeart.fr\/wp-content\/uploads\/2025\/06\/VALEUR-SENTIMENTALE-224x300.png 224w\" sizes=\"(max-width: 403px) 100vw, 403px\" \/>\t\t\t\t\t\t\t\t\t\t\t\t\t\t\t<\/div>\n\t\t\t\t<\/div>\n\t\t\t\t<\/div>\n\t\t<div class=\"elementor-element elementor-element-467376e e-con-full e-flex e-con e-child\" data-id=\"467376e\" data-element_type=\"container\">\n\t\t\t\t<div class=\"elementor-element elementor-element-8e95262 elementor-widget elementor-widget-text-editor\" data-id=\"8e95262\" data-element_type=\"widget\" data-widget_type=\"text-editor.default\">\n\t\t\t\t<div class=\"elementor-widget-container\">\n\t\t\t\t\t\t\t\t\t<div id=\"sp-dgm13w\" class=\"sp-css-target sp-text-wrapper sp-el-block sp-text-block-style sp-text-wrapper-dgm13w\"><p><span style=\"color: #ffffff;\"><strong>21h &#8211; Cin\u00e9ma l&#8217;\u00c9den<\/strong><\/span><\/p><\/div><div id=\"sp-xcipp1\" class=\"sp-css-target sp-text-wrapper sp-el-block sp-text-block-style sp-text-wrapper-xcipp1\"><p><span style=\"color: #ffffff;\"><strong>VALEUR SENTIMENTALE<\/strong> de Joachim Trier &#8211; <i>vostf<\/i><\/span><\/p><\/div><div id=\"sp-lqubi2\" class=\"sp-css-target sp-text-wrapper sp-el-block sp-text-block-style sp-text-wrapper-lqubi2\"><p style=\"text-align: left;\"><span style=\"color: #ffffff;\">2h12 &#8211; France, Norv\u00e8ge, Allemagne, Su\u00e8de, Danemark &#8211; Memento &#8211; Com\u00e9die, com\u00e9die dramatique, drame<\/span><\/p><p><span style=\"color: #ffffff;\">Avec Renate Reinsve, Inga Ibsdotter Lilleaas, Stellan Skarsg\u00e5rd<\/span><\/p><p><span style=\"color: #ffffff;\">Agn\u00e8s et Nora voient leur p\u00e8re d\u00e9barquer apr\u00e8s de longues ann\u00e9es d\u2019absence. R\u00e9alisateur de renom, il propose \u00e0 Nora, com\u00e9dienne de th\u00e9\u00e2tre, de jouer dans son prochain film, mais celle-ci refuse avec d\u00e9fiance. Il propose alors le r\u00f4le \u00e0 une jeune star hollywoodienne, ravivant des souvenirs de famille douloureux.<\/span><\/p><p><span style=\"color: #ffffff;\"><em><strong>Grand Prix Cannes 2025<\/strong><\/em><\/span><\/p><\/div>\t\t\t\t\t\t\t\t<\/div>\n\t\t\t\t<\/div>\n\t\t\t\t<\/div>\n\t\t\t\t\t<\/div>\n\t\t\t\t<\/div>\n\t\t<div class=\"elementor-element elementor-element-861deeb e-flex e-con-boxed e-con e-parent\" data-id=\"861deeb\" data-element_type=\"container\">\n\t\t\t\t\t<div class=\"e-con-inner\">\n\t\t\t\t\t<\/div>\n\t\t\t\t<\/div>\n\t\t\t\t<\/div>\n\t\t","protected":false},"excerpt":{"rendered":"<p>Mardi 08 juillet 9H15 &#8211; Cin\u00e9ma l&#8217;\u00c9den AM\u00c9LIE ET LA M\u00c9TAPHYSIQUE DES TUBES de Ma\u00eflys Vallade et Liane-Cho Han 1h17 &#8211; France &#8211; Haut et Court &#8211; AnimationD\u00e8s 7 ans Am\u00e9lie est une petite fille belge n\u00e9e au Japon. Gr\u00e2ce \u00e0 son amie Nishio-san, le monde n\u2019est qu\u2019aventures et d\u00e9couvertes. Mais le jour de ses [&hellip;]<\/p>\n","protected":false},"author":1,"featured_media":0,"parent":0,"menu_order":0,"comment_status":"closed","ping_status":"closed","template":"elementor_header_footer","meta":{"footnotes":""},"class_list":["post-659","page","type-page","status-publish","hentry"],"_links":{"self":[{"href":"https:\/\/vendangesdu7emeart.fr\/index.php\/wp-json\/wp\/v2\/pages\/659","targetHints":{"allow":["GET"]}}],"collection":[{"href":"https:\/\/vendangesdu7emeart.fr\/index.php\/wp-json\/wp\/v2\/pages"}],"about":[{"href":"https:\/\/vendangesdu7emeart.fr\/index.php\/wp-json\/wp\/v2\/types\/page"}],"author":[{"embeddable":true,"href":"https:\/\/vendangesdu7emeart.fr\/index.php\/wp-json\/wp\/v2\/users\/1"}],"replies":[{"embeddable":true,"href":"https:\/\/vendangesdu7emeart.fr\/index.php\/wp-json\/wp\/v2\/comments?post=659"}],"version-history":[{"count":19,"href":"https:\/\/vendangesdu7emeart.fr\/index.php\/wp-json\/wp\/v2\/pages\/659\/revisions"}],"predecessor-version":[{"id":1587,"href":"https:\/\/vendangesdu7emeart.fr\/index.php\/wp-json\/wp\/v2\/pages\/659\/revisions\/1587"}],"wp:attachment":[{"href":"https:\/\/vendangesdu7emeart.fr\/index.php\/wp-json\/wp\/v2\/media?parent=659"}],"curies":[{"name":"wp","href":"https:\/\/api.w.org\/{rel}","templated":true}]}}