{"id":1160,"date":"2025-05-13T18:32:16","date_gmt":"2025-05-13T16:32:16","guid":{"rendered":"https:\/\/vendangesdu7emeart.fr\/?page_id=1160"},"modified":"2025-05-13T18:33:41","modified_gmt":"2025-05-13T16:33:41","slug":"philippe-lemoine","status":"publish","type":"page","link":"https:\/\/vendangesdu7emeart.fr\/index.php\/philippe-lemoine\/","title":{"rendered":"Philippe Lemoine"},"content":{"rendered":"\t\t<div data-elementor-type=\"wp-page\" data-elementor-id=\"1160\" class=\"elementor elementor-1160\">\n\t\t\t\t<div class=\"elementor-element elementor-element-1ef4726 e-flex e-con-boxed e-con e-parent\" data-id=\"1ef4726\" data-element_type=\"container\">\n\t\t\t\t\t<div class=\"e-con-inner\">\n\t\t\t\t<div class=\"elementor-element elementor-element-761f8ba elementor-widget elementor-widget-heading\" data-id=\"761f8ba\" data-element_type=\"widget\" data-widget_type=\"heading.default\">\n\t\t\t\t<div class=\"elementor-widget-container\">\n\t\t\t\t\t<h2 class=\"elementor-heading-title elementor-size-default\">Jury Presse<\/h2>\t\t\t\t<\/div>\n\t\t\t\t<\/div>\n\t\t\t\t<div class=\"elementor-element elementor-element-34c7ff9 elementor-widget-divider--view-line elementor-widget elementor-widget-divider\" data-id=\"34c7ff9\" data-element_type=\"widget\" data-widget_type=\"divider.default\">\n\t\t\t\t<div class=\"elementor-widget-container\">\n\t\t\t\t\t\t\t<div class=\"elementor-divider\">\n\t\t\t<span class=\"elementor-divider-separator\">\n\t\t\t\t\t\t<\/span>\n\t\t<\/div>\n\t\t\t\t\t\t<\/div>\n\t\t\t\t<\/div>\n\t\t\t\t\t<\/div>\n\t\t\t\t<\/div>\n\t\t<div class=\"elementor-element elementor-element-900e1d6 e-flex e-con-boxed e-con e-parent\" data-id=\"900e1d6\" data-element_type=\"container\">\n\t\t\t\t\t<div class=\"e-con-inner\">\n\t\t<div class=\"elementor-element elementor-element-5bf670a e-con-full e-flex e-con e-child\" data-id=\"5bf670a\" data-element_type=\"container\">\n\t\t\t\t<div class=\"elementor-element elementor-element-cc1eb74 elementor-widget elementor-widget-image\" data-id=\"cc1eb74\" data-element_type=\"widget\" data-widget_type=\"image.default\">\n\t\t\t\t<div class=\"elementor-widget-container\">\n\t\t\t\t\t\t\t\t\t\t\t\t\t\t\t<img fetchpriority=\"high\" decoding=\"async\" width=\"580\" height=\"580\" src=\"https:\/\/vendangesdu7emeart.fr\/wp-content\/uploads\/2025\/05\/PHILIPPE-LEMOINE.png\" class=\"attachment-large size-large wp-image-1141\" alt=\"\" srcset=\"https:\/\/vendangesdu7emeart.fr\/wp-content\/uploads\/2025\/05\/PHILIPPE-LEMOINE.png 823w, https:\/\/vendangesdu7emeart.fr\/wp-content\/uploads\/2025\/05\/PHILIPPE-LEMOINE-300x300.png 300w, https:\/\/vendangesdu7emeart.fr\/wp-content\/uploads\/2025\/05\/PHILIPPE-LEMOINE-150x150.png 150w, https:\/\/vendangesdu7emeart.fr\/wp-content\/uploads\/2025\/05\/PHILIPPE-LEMOINE-768x768.png 768w\" sizes=\"(max-width: 580px) 100vw, 580px\" \/>\t\t\t\t\t\t\t\t\t\t\t\t\t\t\t<\/div>\n\t\t\t\t<\/div>\n\t\t\t\t<\/div>\n\t\t<div class=\"elementor-element elementor-element-cde11e0 e-con-full e-flex e-con e-child\" data-id=\"cde11e0\" data-element_type=\"container\">\n\t\t\t\t<div class=\"elementor-element elementor-element-8fcc59d elementor-widget elementor-widget-text-editor\" data-id=\"8fcc59d\" data-element_type=\"widget\" data-widget_type=\"text-editor.default\">\n\t\t\t\t<div class=\"elementor-widget-container\">\n\t\t\t\t\t\t\t\t\t<p style=\"text-align: center;\"><strong>Philippe Lemoine<\/strong><br \/><em>Ouest France<\/em><\/p><p>Ancien r\u00e9dacteur en chef du dimanche Ouest-France, Philippe Lemoine est d\u00e9sormais responsable du service \u00c9crans de Ouest-France.<\/p><p>Il pilote une \u00e9quipe charg\u00e9e de suivre toute l\u2019actualit\u00e9 des \u00e9crans :cin\u00e9ma, streaming, t\u00e9l\u00e9vision pour les supports print et web de Ouest-France.<\/p><p>Passionn\u00e9 de cin\u00e9ma, il est aussi Co-organisateur, avec le r\u00e9alisateur Frederic Tellier, du festival Cin\u00e9 Citoyen de Vannes dont la premi\u00e8re \u00e9dition a lieu du 18 au 21 juin.<\/p><p><em>\u00a9DR<\/em><\/p>\t\t\t\t\t\t\t\t<\/div>\n\t\t\t\t<\/div>\n\t\t\t\t<\/div>\n\t\t\t\t\t<\/div>\n\t\t\t\t<\/div>\n\t\t\t\t<\/div>\n\t\t","protected":false},"excerpt":{"rendered":"<p>Jury Presse Philippe LemoineOuest France Ancien r\u00e9dacteur en chef du dimanche Ouest-France, Philippe Lemoine est d\u00e9sormais responsable du service \u00c9crans de Ouest-France. Il pilote une \u00e9quipe charg\u00e9e de suivre toute l\u2019actualit\u00e9 des \u00e9crans :cin\u00e9ma, streaming, t\u00e9l\u00e9vision pour les supports print et web de Ouest-France. Passionn\u00e9 de cin\u00e9ma, il est aussi Co-organisateur, avec le r\u00e9alisateur Frederic [&hellip;]<\/p>\n","protected":false},"author":1,"featured_media":0,"parent":0,"menu_order":0,"comment_status":"closed","ping_status":"closed","template":"elementor_header_footer","meta":{"footnotes":""},"class_list":["post-1160","page","type-page","status-publish","hentry"],"_links":{"self":[{"href":"https:\/\/vendangesdu7emeart.fr\/index.php\/wp-json\/wp\/v2\/pages\/1160","targetHints":{"allow":["GET"]}}],"collection":[{"href":"https:\/\/vendangesdu7emeart.fr\/index.php\/wp-json\/wp\/v2\/pages"}],"about":[{"href":"https:\/\/vendangesdu7emeart.fr\/index.php\/wp-json\/wp\/v2\/types\/page"}],"author":[{"embeddable":true,"href":"https:\/\/vendangesdu7emeart.fr\/index.php\/wp-json\/wp\/v2\/users\/1"}],"replies":[{"embeddable":true,"href":"https:\/\/vendangesdu7emeart.fr\/index.php\/wp-json\/wp\/v2\/comments?post=1160"}],"version-history":[{"count":4,"href":"https:\/\/vendangesdu7emeart.fr\/index.php\/wp-json\/wp\/v2\/pages\/1160\/revisions"}],"predecessor-version":[{"id":1164,"href":"https:\/\/vendangesdu7emeart.fr\/index.php\/wp-json\/wp\/v2\/pages\/1160\/revisions\/1164"}],"wp:attachment":[{"href":"https:\/\/vendangesdu7emeart.fr\/index.php\/wp-json\/wp\/v2\/media?parent=1160"}],"curies":[{"name":"wp","href":"https:\/\/api.w.org\/{rel}","templated":true}]}}